{"id":3412,"date":"2022-09-23T15:56:38","date_gmt":"2022-09-23T14:56:38","guid":{"rendered":"https:\/\/www.fanbase.es\/politica-de-privacidad\/"},"modified":"2024-10-25T07:38:29","modified_gmt":"2024-10-25T05:38:29","slug":"politica-de-privacidad","status":"publish","type":"page","link":"https:\/\/www.fanbase.es\/fr\/politica-de-privacidad\/","title":{"rendered":"Politique de confidentialit\u00e9"},"content":{"rendered":"<p>L&rsquo;objectif de cette politique est d&rsquo;informer les personnes concern\u00e9es des diff\u00e9rents traitements effectu\u00e9s par cette organisation \u00e0 travers le site web et qui affectent leurs donn\u00e9es personnelles conform\u00e9ment aux dispositions de la loi organique 3\/2018, du 5 d\u00e9cembre, sur la protection des donn\u00e9es personnelles et la garantie des droits num\u00e9riques et du r\u00e8glement (UE) 2016\/679 du Parlement europ\u00e9en et du Conseil du 27 avril 2016.<\/p>\n<ol>\n<li><strong>L&rsquo;IDENTIFICATION ET LES COORDONN\u00c9ES DE LA PERSONNE RESPONSABLE<\/strong><\/li>\n<\/ol>\n<p>L&rsquo;organisation INDUSTRIAS P\u00c9REZ BELLOT SL, dont le si\u00e8ge social se trouve \u00e0 C\/ MIGUEL HERNANDEZ N\u00ba 9 3\u00ba E (03420 CASTALLA) ALICANTE, avec N.I.F. B02857407, t\u00e9l\u00e9phone et e-mail de contact administracion@industriaspb.com.<\/p>\n<ol start=\"2\">\n<li><strong>LES FINALIT\u00c9S DU TRAITEMENT DE VOS DONN\u00c9ES PERSONNELLES <\/strong><\/li>\n<\/ol>\n<ul>\n<li><strong>LES UTILISATEURS\/NAVIGATEURS DU SITE WEB DE LA PARTIE RESPONSABLE. <\/strong><\/li>\n<\/ul>\n<p>Nous traiterons vos donn\u00e9es personnelles fournies par l&rsquo;interm\u00e9diaire de nos formulaires en ligne afin de :<\/p>\n<ul>\n<li>Pour traiter les demandes, les plaintes et les incidents transmis par l&rsquo;interm\u00e9diaire de nos canaux de contact incorpor\u00e9s dans le site web.<\/li>\n<li>Comprendre le comportement de l&rsquo;internaute sur le site web afin de d\u00e9tecter d&rsquo;\u00e9ventuelles attaques informatiques sur notre site web.<\/li>\n<li>Respecter les obligations l\u00e9gales qui nous sont directement applicables et qui r\u00e9gissent notre activit\u00e9.<\/li>\n<li>Prot\u00e9ger et exercer nos droits ou r\u00e9pondre \u00e0 des r\u00e9clamations de toute nature.<\/li>\n<li>Le cas \u00e9ch\u00e9ant, envoi de communications commerciales relatives aux biens ou services qui composent notre activit\u00e9, et\/ou de nouvelles ou bulletins li\u00e9s \u00e0 notre secteur.<\/li>\n<li>G\u00e9rer et vous envoyer le devis demand\u00e9.<\/li>\n<\/ul>\n<p>Nous traiterons vos donn\u00e9es personnelles fournies par l&rsquo;interm\u00e9diaire de nos formulaires en ligne afin de :<\/p>\n<ul>\n<li>La gestion de la relation commerciale.<\/li>\n<li>la fourniture des services que vous avez contract\u00e9s aupr\u00e8s de nous.<\/li>\n<li>Traitement de l&rsquo;envoi et de la r\u00e9ception du produit achet\u00e9 sur ce site web.<\/li>\n<li>Gestion administrative, comptable et fiscale.<\/li>\n<li>Pour traiter les demandes, les plaintes et les incidents transmis par l&rsquo;interm\u00e9diaire de nos canaux de contact incorpor\u00e9s dans le site web.<\/li>\n<li>Comprendre le comportement de l&rsquo;internaute sur le site web afin de d\u00e9tecter d&rsquo;\u00e9ventuelles attaques informatiques sur notre site web.<\/li>\n<li>Le cas \u00e9ch\u00e9ant, r\u00e9aliser des enqu\u00eates de qualit\u00e9 pour nous permettre d&rsquo;\u00e9valuer notre service.<\/li>\n<li>Le cas \u00e9ch\u00e9ant, organiser des loteries.<\/li>\n<li>Le cas \u00e9ch\u00e9ant, envoi de communications commerciales relatives aux biens ou services qui composent notre activit\u00e9 et\/ou de nouvelles ou bulletins li\u00e9s \u00e0 notre secteur.<\/li>\n<li>Respecter les obligations l\u00e9gales qui nous sont directement applicables et qui r\u00e9gissent notre activit\u00e9.<\/li>\n<li>Prot\u00e9ger et exercer nos droits ou r\u00e9pondre \u00e0 des r\u00e9clamations de toute nature.<\/li>\n<\/ul>\n<ol start=\"3\">\n<li><strong>BASE JURIDIQUE DU TRAITEMENT. <\/strong><\/li>\n<\/ol>\n<ul>\n<li><strong>LES UTILISATEURS\/NAVIGATEURS SUR LE SITE WEB DE LA PARTIE RESPONSABLE.<\/strong><\/li>\n<li>Dans le consentement que vous nous avez donn\u00e9 pour traiter vos donn\u00e9es aux fins indiqu\u00e9es. Le refus de fournir vos donn\u00e9es personnelles rendra impossible le traitement de vos donn\u00e9es aux fins susmentionn\u00e9es.<\/li>\n<li>Respecter les obligations l\u00e9gales qui s&rsquo;appliquent \u00e0 nous. Dans ce cas, la personne concern\u00e9e ne peut pas refuser le traitement des donn\u00e9es \u00e0 caract\u00e8re personnel<strong>.<\/strong><\/li>\n<li>Dans notre int\u00e9r\u00eat l\u00e9gitime \u00e0 prot\u00e9ger notre image, nos activit\u00e9s et notre r\u00e9putation en pr\u00e9venant les attaques sur notre site web. Dans ce cas, la personne concern\u00e9e ne peut pas s&rsquo;opposer au traitement des donn\u00e9es \u00e0 caract\u00e8re personnel<strong>, <\/strong>mais elle peut exercer, le cas \u00e9ch\u00e9ant, les droits reconnus au paragraphe 8 de la pr\u00e9sente politique.<\/li>\n<li>Ex\u00e9cution d&rsquo;un contrat auquel elle est partie ou application de mesures pr\u00e9contractuelles. Le refus de fournir vos donn\u00e9es personnelles rendra impossible le traitement de vos donn\u00e9es aux fins susmentionn\u00e9es.<\/li>\n<li>Dans le consentement que vous nous avez donn\u00e9 pour traiter vos donn\u00e9es \u00e0 des fins non li\u00e9es au d\u00e9veloppement ou \u00e0 l&rsquo;ex\u00e9cution du contrat existant. Le refus de fournir vos donn\u00e9es personnelles rendra impossible le traitement de vos donn\u00e9es aux fins susmentionn\u00e9es.<\/li>\n<li>Respecter les obligations l\u00e9gales qui s&rsquo;appliquent \u00e0 nous. Dans ce cas, la personne concern\u00e9e ne peut pas refuser le traitement des donn\u00e9es \u00e0 caract\u00e8re personnel<strong>.<\/strong><\/li>\n<li>Dans notre int\u00e9r\u00eat l\u00e9gitime \u00e0 prot\u00e9ger notre image, nos activit\u00e9s et notre r\u00e9putation en pr\u00e9venant les attaques sur notre site web. Dans ce cas, la personne concern\u00e9e ne peut pas s&rsquo;opposer au traitement des donn\u00e9es \u00e0 caract\u00e8re personnel<strong>, <\/strong>mais elle peut exercer, le cas \u00e9ch\u00e9ant, les droits reconnus au paragraphe 8 de la pr\u00e9sente politique.<\/li>\n<\/ul>\n<ol start=\"4\">\n<li><strong>LES D\u00c9LAIS OU LES CRIT\u00c8RES DE CONSERVATION DES DONN\u00c9ES.<\/strong><\/li>\n<\/ol>\n<p>Les donn\u00e9es personnelles fournies seront conserv\u00e9es pendant la dur\u00e9e n\u00e9cessaire \u00e0 la r\u00e9alisation des objectifs pour lesquels elles ont \u00e9t\u00e9 collect\u00e9es \u00e0 l&rsquo;origine.<\/p>\n<p>Une fois que les donn\u00e9es ne sont plus n\u00e9cessaires au traitement en question, elles seront d\u00fbment bloqu\u00e9es afin de les mettre, le cas \u00e9ch\u00e9ant, \u00e0 la disposition des administrations et organismes publics comp\u00e9tents, des juges et des tribunaux ou du minist\u00e8re public, pendant la p\u00e9riode de prescription des actions pouvant d\u00e9river du rapport entretenu avec le client et\/ou les p\u00e9riodes de conservation pr\u00e9vues par la loi.<\/p>\n<p><u>P\u00e9riode de blocage des donn\u00e9es : <\/u><\/p>\n<ul>\n<li><strong>LE CODE CIVIL.<\/strong> Entre 5 et 15 ans, selon les cas, conform\u00e9ment aux dispositions de l&rsquo;article 1964.2 de la loi pr\u00e9cit\u00e9e.<\/li>\n<li><strong>LE CODE DU COMMERCE.<\/strong> Pour 6 ans, conform\u00e9ment \u00e0 l&rsquo;article 30 de la loi susmentionn\u00e9e. Il s&rsquo;applique aux informations commerciales relatives aux (factures \u00e9mises et re\u00e7ues, re\u00e7us, factures rectificatives, documents bancaires, etc.)<\/li>\n<li><strong>LE DROIT FISCAL G\u00c9N\u00c9RAL.<\/strong> Pour 4 ans conform\u00e9ment aux dispositions des articles 66 \u00e0 70 du corpus l\u00e9gislatif susmentionn\u00e9. Elle s&rsquo;applique aux informations relatives aux obligations fiscales.<\/li>\n<\/ul>\n<ol start=\"5\">\n<li><strong>LES D\u00c9CISIONS AUTOMATIS\u00c9ES ET LE PROFILAGE. <\/strong><\/li>\n<\/ol>\n<p>Le site web ne prend pas de d\u00e9cisions automatis\u00e9es et ne cr\u00e9e pas de profils.<\/p>\n<ol start=\"6\">\n<li><strong>CIBLE<\/strong><\/li>\n<\/ol>\n<p>Pendant la dur\u00e9e du traitement de vos donn\u00e9es personnelles, l&rsquo;organisation peut transf\u00e9rer vos donn\u00e9es aux destinataires suivants :<\/p>\n<ul>\n<li>Juges et tribunaux.<\/li>\n<li>Forces et corps de s\u00e9curit\u00e9 de l&rsquo;\u00c9tat.<\/li>\n<li>d&rsquo;autres autorit\u00e9s ou organismes publics comp\u00e9tents, lorsque le responsable du traitement est l\u00e9galement tenu de fournir les donn\u00e9es \u00e0 caract\u00e8re personnel.<\/li>\n<li>les banques et les institutions financi\u00e8res, dans le cas o\u00f9 vous passez un contrat avec nous.<\/li>\n<\/ul>\n<ol start=\"7\">\n<li><strong>LES TRANSFERTS INTERNATIONAUX DE DONN\u00c9ES.  <\/strong><\/li>\n<\/ol>\n<p>L&rsquo;organisation n&rsquo;effectue aucun transfert international de donn\u00e9es.<\/p>\n<ol start=\"8\">\n<li><strong>DROITS<\/strong><\/li>\n<\/ol>\n<p>Les personnes concern\u00e9es peuvent, \u00e0 tout moment et gratuitement, exercer leurs droits d&rsquo;acc\u00e8s, de rectification et d&rsquo;effacement, ainsi que demander la limitation du traitement de leurs donn\u00e9es \u00e0 caract\u00e8re personnel, s&rsquo;opposer au traitement, demander la portabilit\u00e9 de leurs donn\u00e9es \u00e0 caract\u00e8re personnel (lorsque cela est techniquement possible) ou retirer le consentement donn\u00e9, et, le cas \u00e9ch\u00e9ant, ne pas faire l&rsquo;objet d&rsquo;une d\u00e9cision fond\u00e9e exclusivement sur un traitement automatis\u00e9, y compris le profilage.<\/p>\n<p>Pour ce faire, vous pouvez utiliser les formulaires fournis par l&rsquo;organisation ou envoyer une lettre \u00e0 l&rsquo;adresse postale ou \u00e9lectronique indiqu\u00e9e ci-dessus. Toutefois, votre carte d&rsquo;identit\u00e9 ou tout autre document similaire peut vous \u00eatre demand\u00e9 afin de prouver votre identit\u00e9, \u00e0 condition que cela ne puisse pas \u00eatre fait par d&rsquo;autres moyens moins intrusifs.<\/p>\n<p>Si vous estimez que vos droits concernant la protection de vos donn\u00e9es personnelles ont \u00e9t\u00e9 viol\u00e9s, en particulier si vous n&rsquo;avez pas obtenu satisfaction dans l&rsquo;exercice de vos droits, vous pouvez d\u00e9poser une plainte aupr\u00e8s de l&rsquo;autorit\u00e9 de contr\u00f4le de la protection des donn\u00e9es comp\u00e9tente (Agence espagnole de protection des donn\u00e9es), par l&rsquo;interm\u00e9diaire de son site web <a href=\"http:\/\/www.agpd.es\/\" rel=\"nofollow noopener\" target=\"_blank\">www.agpd.es<\/a>.<\/p>\n<p>Conform\u00e9ment aux dispositions de l&rsquo;article 21 de la loi 34\/2002 relative aux services de la soci\u00e9t\u00e9 de l&rsquo;information et au commerce \u00e9lectronique, si vous ne souhaitez plus recevoir d&rsquo;informations sur nos services, vous pouvez vous d\u00e9sinscrire en envoyant un courrier \u00e9lectronique \u00e0 l&rsquo;adresse administracion@industriaspb.com, avec pour objet<strong>\u00ab\u00a0<em>UNSUBSCRIBE\u00a0\u00bb.<\/em><\/strong><\/p>\n<ol start=\"9\">\n<li><strong>LA V\u00c9RACIT\u00c9 DES DONN\u00c9ES.<\/strong><\/li>\n<\/ol>\n<p>L&rsquo;int\u00e9ress\u00e9 garantit que les donn\u00e9es fournies sont vraies, exactes, compl\u00e8tes et \u00e0 jour, et s&rsquo;engage \u00e0 informer de tout changement dans les donn\u00e9es fournies, par le biais des canaux pr\u00e9vus \u00e0 cet effet et indiqu\u00e9s au point 1 de la pr\u00e9sente politique. Il est responsable de tout dommage ou perte, direct ou indirect, qu&rsquo;il pourrait causer en raison du non-respect de cette obligation.<\/p>\n<p>Dans le cas o\u00f9 l&rsquo;utilisateur fournit des donn\u00e9es de tiers, il d\u00e9clare avoir le consentement des int\u00e9ress\u00e9s et s&rsquo;engage \u00e0 leur fournir les informations contenues dans la pr\u00e9sente clause, en exon\u00e9rant l&rsquo;organisation de toute responsabilit\u00e9 d\u00e9coulant du non-respect de cette obligation.<\/p>\n<ol start=\"10\">\n<li><strong>LES R\u00c9SEAUX SOCIAUX<\/strong><\/li>\n<\/ol>\n<p>Les r\u00e9seaux sociaux font partie de la vie quotidienne de nombreux utilisateurs d&rsquo;Internet, et c&rsquo;est pour eux que l&rsquo;entit\u00e9 a cr\u00e9\u00e9 diff\u00e9rents profils dans certains d&rsquo;entre eux.<\/p>\n<p>Tous les utilisateurs qui visitent notre site web ont la possibilit\u00e9 de rejoindre nos r\u00e9seaux sociaux ou nos groupes.<\/p>\n<p>Cependant, vous devez garder \u00e0 l&rsquo;esprit que, \u00e0 moins que nous ne demandions directement vos donn\u00e9es (par exemple, par le biais d&rsquo;actions de marketing, de concours, de promotions ou de toute autre forme valide), vos donn\u00e9es appartiendront au r\u00e9seau social correspondant, et nous vous recommandons donc de lire attentivement ses conditions d&rsquo;utilisation et ses politiques de confidentialit\u00e9, ainsi que de vous assurer de configurer vos pr\u00e9f\u00e9rences en mati\u00e8re de traitement des donn\u00e9es.<\/p>\n<ol start=\"11\">\n<li><strong>MODIFICATIONS\/MISE \u00c0 JOUR<\/strong><\/li>\n<\/ol>\n<p>Cette politique de confidentialit\u00e9 peut \u00eatre modifi\u00e9e\/actualis\u00e9e en fonction des exigences l\u00e9gales \u00e9tablies ou afin d&rsquo;adapter ladite politique aux instructions \u00e9mises par l&rsquo;Agence espagnole de protection des donn\u00e9es ou aux changements apport\u00e9s \u00e0 notre site web.<\/p>\n<p>C&rsquo;est pourquoi nous encourageons les utilisateurs \u00e0 consulter r\u00e9guli\u00e8rement notre politique de confidentialit\u00e9.<\/p>\n<p>Si vous avez des doutes sur cette politique, vous pouvez contacter INDUSTRIAS P\u00c9REZ BELLOT SL par l&rsquo;interm\u00e9diaire de l&rsquo;e-mail suivant : administracion@industriaspb.com<\/p>\n<p>Derni\u00e8re r\u00e9vision, 08 novembre 2022<\/p>\n","protected":false},"excerpt":{"rendered":"<p>L&rsquo;objectif de cette politique est d&rsquo;informer les personnes concern\u00e9es des diff\u00e9rents traitements effectu\u00e9s par cette organisation \u00e0 travers le site web et qui affectent leurs donn\u00e9es personnelles conform\u00e9ment aux dispositions de la loi organique 3\/2018, du 5 d\u00e9cembre, sur la protection des donn\u00e9es personnelles et la garantie des droits num\u00e9riques et du r\u00e8glement (UE) 2016\/679 [&hellip;]<\/p>\n","protected":false},"author":3,"featured_media":0,"parent":0,"menu_order":0,"comment_status":"closed","ping_status":"closed","template":"","meta":{"site-sidebar-layout":"default","site-content-layout":"default","ast-site-content-layout":"default","site-content-style":"default","site-sidebar-style":"default","ast-global-header-display":"","ast-banner-title-visibility":"","ast-main-header-display":"","ast-hfb-above-header-display":"","ast-hfb-below-header-display":"","ast-hfb-mobile-header-display":"","site-post-title":"","ast-breadcrumbs-content":"","ast-featured-img":"","footer-sml-layout":"","ast-disable-related-posts":"","theme-transparent-header-meta":"default","adv-header-id-meta":"","stick-header-meta":"","header-above-stick-meta":"","header-main-stick-meta":"","header-below-stick-meta":"","astra-migrate-meta-layouts":"default","ast-page-background-enabled":"default","ast-page-background-meta":{"desktop":{"background-color":"var(--ast-global-color-4)","background-image":"","background-repeat":"repeat","background-position":"center center","background-size":"auto","background-attachment":"scroll","background-type":"","background-media":"","overlay-type":"","overlay-color":"","overlay-opacity":"","overlay-gradient":""},"tablet":{"background-color":"","background-image":"","background-repeat":"repeat","background-position":"center center","background-size":"auto","background-attachment":"scroll","background-type":"","background-media":"","overlay-type":"","overlay-color":"","overlay-opacity":"","overlay-gradient":""},"mobile":{"background-color":"","background-image":"","background-repeat":"repeat","background-position":"center center","background-size":"auto","background-attachment":"scroll","background-type":"","background-media":"","overlay-type":"","overlay-color":"","overlay-opacity":"","overlay-gradient":""}},"ast-content-background-meta":{"desktop":{"background-color":"var(--ast-global-color-5)","background-image":"","background-repeat":"repeat","background-position":"center center","background-size":"auto","background-attachment":"scroll","background-type":"","background-media":"","overlay-type":"","overlay-color":"","overlay-opacity":"","overlay-gradient":""},"tablet":{"background-color":"var(--ast-global-color-5)","background-image":"","background-repeat":"repeat","background-position":"center center","background-size":"auto","background-attachment":"scroll","background-type":"","background-media":"","overlay-type":"","overlay-color":"","overlay-opacity":"","overlay-gradient":""},"mobile":{"background-color":"var(--ast-global-color-5)","background-image":"","background-repeat":"repeat","background-position":"center center","background-size":"auto","background-attachment":"scroll","background-type":"","background-media":"","overlay-type":"","overlay-color":"","overlay-opacity":"","overlay-gradient":""}},"footnotes":""},"class_list":["post-3412","page","type-page","status-publish","hentry"],"_links":{"self":[{"href":"https:\/\/www.fanbase.es\/fr\/wp-json\/wp\/v2\/pages\/3412","targetHints":{"allow":["GET"]}}],"collection":[{"href":"https:\/\/www.fanbase.es\/fr\/wp-json\/wp\/v2\/pages"}],"about":[{"href":"https:\/\/www.fanbase.es\/fr\/wp-json\/wp\/v2\/types\/page"}],"author":[{"embeddable":true,"href":"https:\/\/www.fanbase.es\/fr\/wp-json\/wp\/v2\/users\/3"}],"replies":[{"embeddable":true,"href":"https:\/\/www.fanbase.es\/fr\/wp-json\/wp\/v2\/comments?post=3412"}],"version-history":[{"count":1,"href":"https:\/\/www.fanbase.es\/fr\/wp-json\/wp\/v2\/pages\/3412\/revisions"}],"predecessor-version":[{"id":3413,"href":"https:\/\/www.fanbase.es\/fr\/wp-json\/wp\/v2\/pages\/3412\/revisions\/3413"}],"wp:attachment":[{"href":"https:\/\/www.fanbase.es\/fr\/wp-json\/wp\/v2\/media?parent=3412"}],"curies":[{"name":"wp","href":"https:\/\/api.w.org\/{rel}","templated":true}]}}